{"id":25904,"date":"2013-01-01T14:47:00","date_gmt":"2013-01-01T13:47:00","guid":{"rendered":"https:\/\/www.editionsloco.com\/?post_type=livre&#038;p=25904"},"modified":"2026-02-09T15:20:58","modified_gmt":"2026-02-09T14:20:58","slug":"les-arpenteurs","status":"publish","type":"livre","link":"https:\/\/www.editionsloco.com\/en\/livre\/les-arpenteurs\/","title":{"rendered":"Les arpenteurs"},"content":{"rendered":"\n<p>Depuis 1989, le paysage constitue un des \u00e9l\u00e9ments importants des pr\u00e9occupations d&#8217;Anne Favret et Patrick Manez, le paysage comme la trace visible d\u2019un monde en perp\u00e9tuel renouvellement.<br>Cela faisait longtemps qu&#8217;ils cherchaient \u00e0 travailler autour de l\u2019id\u00e9e d\u2019utopie. La rencontre avec le plateau de Calern, paysage calcaire model\u00e9 de mani\u00e8re spectaculaire par les dolines sur lesquelles sont dispers\u00e9es les diff\u00e9rentes infrastructures de l\u2019Observatoire astronomique, a permis de mettre en \u0153uvre cette id\u00e9e.<br>Ainsi, Anne Favret et Patrick Manez se sont immerg\u00e9s, semaine apr\u00e8s semaine, dans la vie de l\u2019observatoire, \u00e9changeant avec l\u2019ensemble des \u00e9quipes, accompagnant les \u00e9v\u00e9nements du site, travaillant au rythme des saisons sur les diff\u00e9rentes activit\u00e9s de Calern pour constituer un ensemble de prises de vues o\u00f9 se m\u00ealent portraits, paysages, nature morte, photographies nocturnes.<\/p>\n","protected":false},"author":13,"featured_media":25908,"template":"","format":"standard","meta":{"_acf_changed":false,"footnotes":""},"nature":[1281],"statutdeslivres":[],"class_list":["post-25904","livre","type-livre","status-publish","format-standard","has-post-thumbnail","hentry","nature-photographie-en"],"acf":[],"yoast_head":"<!-- This site is optimized with the Yoast SEO plugin v27.1.1 - https:\/\/yoast.com\/product\/yoast-seo-wordpress\/ -->\n<title>Les arpenteurs - Editions LOCO<\/title>\n<meta name=\"robots\" content=\"index, follow, max-snippet:-1, max-image-preview:large, max-video-preview:-1\" \/>\n<link rel=\"canonical\" href=\"https:\/\/www.editionsloco.com\/en\/livre\/les-arpenteurs\/\" \/>\n<meta property=\"og:locale\" content=\"en_US\" \/>\n<meta property=\"og:type\" content=\"article\" \/>\n<meta property=\"og:title\" content=\"Les arpenteurs - Editions LOCO\" \/>\n<meta property=\"og:description\" content=\"Depuis 1989, le paysage constitue un des \u00e9l\u00e9ments importants des pr\u00e9occupations d&#8217;Anne Favret et Patrick Manez, le paysage comme la trace visible d\u2019un monde en [&hellip;]\" \/>\n<meta property=\"og:url\" content=\"https:\/\/www.editionsloco.com\/en\/livre\/les-arpenteurs\/\" \/>\n<meta property=\"og:site_name\" content=\"Editions LOCO\" \/>\n<meta property=\"article:modified_time\" content=\"2026-02-09T14:20:58+00:00\" \/>\n<meta property=\"og:image\" content=\"https:\/\/www.editionsloco.com\/wp-content\/uploads\/2025\/12\/MG_1203.jpg\" \/>\n\t<meta property=\"og:image:width\" content=\"1200\" \/>\n\t<meta property=\"og:image:height\" content=\"969\" \/>\n\t<meta property=\"og:image:type\" content=\"image\/jpeg\" \/>\n<meta name=\"twitter:card\" content=\"summary_large_image\" \/>\n<meta name=\"twitter:label1\" content=\"Est. reading time\" \/>\n\t<meta name=\"twitter:data1\" content=\"1 minute\" \/>\n<script type=\"application\/ld+json\" class=\"yoast-schema-graph\">{\"@context\":\"https:\/\/schema.org\",\"@graph\":[{\"@type\":\"WebPage\",\"@id\":\"https:\/\/www.editionsloco.com\/en\/livre\/les-arpenteurs\/\",\"url\":\"https:\/\/www.editionsloco.com\/en\/livre\/les-arpenteurs\/\",\"name\":\"Les arpenteurs - Editions LOCO\",\"isPartOf\":{\"@id\":\"https:\/\/www.editionsloco.com\/#website\"},\"primaryImageOfPage\":{\"@id\":\"https:\/\/www.editionsloco.com\/en\/livre\/les-arpenteurs\/#primaryimage\"},\"image\":{\"@id\":\"https:\/\/www.editionsloco.com\/en\/livre\/les-arpenteurs\/#primaryimage\"},\"thumbnailUrl\":\"https:\/\/www.editionsloco.com\/wp-content\/uploads\/2025\/12\/MG_1203.jpg\",\"datePublished\":\"2013-01-01T13:47:00+00:00\",\"dateModified\":\"2026-02-09T14:20:58+00:00\",\"breadcrumb\":{\"@id\":\"https:\/\/www.editionsloco.com\/en\/livre\/les-arpenteurs\/#breadcrumb\"},\"inLanguage\":\"en-US\",\"potentialAction\":[{\"@type\":\"ReadAction\",\"target\":[\"https:\/\/www.editionsloco.com\/en\/livre\/les-arpenteurs\/\"]}]},{\"@type\":\"ImageObject\",\"inLanguage\":\"en-US\",\"@id\":\"https:\/\/www.editionsloco.com\/en\/livre\/les-arpenteurs\/#primaryimage\",\"url\":\"https:\/\/www.editionsloco.com\/wp-content\/uploads\/2025\/12\/MG_1203.jpg\",\"contentUrl\":\"https:\/\/www.editionsloco.com\/wp-content\/uploads\/2025\/12\/MG_1203.jpg\",\"width\":1200,\"height\":969},{\"@type\":\"BreadcrumbList\",\"@id\":\"https:\/\/www.editionsloco.com\/en\/livre\/les-arpenteurs\/#breadcrumb\",\"itemListElement\":[{\"@type\":\"ListItem\",\"position\":1,\"name\":\"Accueil\",\"item\":\"https:\/\/www.editionsloco.com\/en\/\"},{\"@type\":\"ListItem\",\"position\":2,\"name\":\"Les arpenteurs\"}]},{\"@type\":\"WebSite\",\"@id\":\"https:\/\/www.editionsloco.com\/#website\",\"url\":\"https:\/\/www.editionsloco.com\/\",\"name\":\"Editions LOCO\",\"description\":\"\",\"potentialAction\":[{\"@type\":\"SearchAction\",\"target\":{\"@type\":\"EntryPoint\",\"urlTemplate\":\"https:\/\/www.editionsloco.com\/?s={search_term_string}\"},\"query-input\":{\"@type\":\"PropertyValueSpecification\",\"valueRequired\":true,\"valueName\":\"search_term_string\"}}],\"inLanguage\":\"en-US\"}]}<\/script>\n<!-- \/ Yoast SEO plugin. -->","yoast_head_json":{"title":"Les arpenteurs - Editions LOCO","robots":{"index":"index","follow":"follow","max-snippet":"max-snippet:-1","max-image-preview":"max-image-preview:large","max-video-preview":"max-video-preview:-1"},"canonical":"https:\/\/www.editionsloco.com\/en\/livre\/les-arpenteurs\/","og_locale":"en_US","og_type":"article","og_title":"Les arpenteurs - Editions LOCO","og_description":"Depuis 1989, le paysage constitue un des \u00e9l\u00e9ments importants des pr\u00e9occupations d&#8217;Anne Favret et Patrick Manez, le paysage comme la trace visible d\u2019un monde en [&hellip;]","og_url":"https:\/\/www.editionsloco.com\/en\/livre\/les-arpenteurs\/","og_site_name":"Editions LOCO","article_modified_time":"2026-02-09T14:20:58+00:00","og_image":[{"width":1200,"height":969,"url":"https:\/\/www.editionsloco.com\/wp-content\/uploads\/2025\/12\/MG_1203.jpg","type":"image\/jpeg"}],"twitter_card":"summary_large_image","twitter_misc":{"Est. reading time":"1 minute"},"schema":{"@context":"https:\/\/schema.org","@graph":[{"@type":"WebPage","@id":"https:\/\/www.editionsloco.com\/en\/livre\/les-arpenteurs\/","url":"https:\/\/www.editionsloco.com\/en\/livre\/les-arpenteurs\/","name":"Les arpenteurs - Editions LOCO","isPartOf":{"@id":"https:\/\/www.editionsloco.com\/#website"},"primaryImageOfPage":{"@id":"https:\/\/www.editionsloco.com\/en\/livre\/les-arpenteurs\/#primaryimage"},"image":{"@id":"https:\/\/www.editionsloco.com\/en\/livre\/les-arpenteurs\/#primaryimage"},"thumbnailUrl":"https:\/\/www.editionsloco.com\/wp-content\/uploads\/2025\/12\/MG_1203.jpg","datePublished":"2013-01-01T13:47:00+00:00","dateModified":"2026-02-09T14:20:58+00:00","breadcrumb":{"@id":"https:\/\/www.editionsloco.com\/en\/livre\/les-arpenteurs\/#breadcrumb"},"inLanguage":"en-US","potentialAction":[{"@type":"ReadAction","target":["https:\/\/www.editionsloco.com\/en\/livre\/les-arpenteurs\/"]}]},{"@type":"ImageObject","inLanguage":"en-US","@id":"https:\/\/www.editionsloco.com\/en\/livre\/les-arpenteurs\/#primaryimage","url":"https:\/\/www.editionsloco.com\/wp-content\/uploads\/2025\/12\/MG_1203.jpg","contentUrl":"https:\/\/www.editionsloco.com\/wp-content\/uploads\/2025\/12\/MG_1203.jpg","width":1200,"height":969},{"@type":"BreadcrumbList","@id":"https:\/\/www.editionsloco.com\/en\/livre\/les-arpenteurs\/#breadcrumb","itemListElement":[{"@type":"ListItem","position":1,"name":"Accueil","item":"https:\/\/www.editionsloco.com\/en\/"},{"@type":"ListItem","position":2,"name":"Les arpenteurs"}]},{"@type":"WebSite","@id":"https:\/\/www.editionsloco.com\/#website","url":"https:\/\/www.editionsloco.com\/","name":"Editions LOCO","description":"","potentialAction":[{"@type":"SearchAction","target":{"@type":"EntryPoint","urlTemplate":"https:\/\/www.editionsloco.com\/?s={search_term_string}"},"query-input":{"@type":"PropertyValueSpecification","valueRequired":true,"valueName":"search_term_string"}}],"inLanguage":"en-US"}]}},"_links":{"self":[{"href":"https:\/\/www.editionsloco.com\/en\/wp-json\/wp\/v2\/livre\/25904","targetHints":{"allow":["GET"]}}],"collection":[{"href":"https:\/\/www.editionsloco.com\/en\/wp-json\/wp\/v2\/livre"}],"about":[{"href":"https:\/\/www.editionsloco.com\/en\/wp-json\/wp\/v2\/types\/livre"}],"author":[{"embeddable":true,"href":"https:\/\/www.editionsloco.com\/en\/wp-json\/wp\/v2\/users\/13"}],"version-history":[{"count":3,"href":"https:\/\/www.editionsloco.com\/en\/wp-json\/wp\/v2\/livre\/25904\/revisions"}],"predecessor-version":[{"id":27492,"href":"https:\/\/www.editionsloco.com\/en\/wp-json\/wp\/v2\/livre\/25904\/revisions\/27492"}],"wp:featuredmedia":[{"embeddable":true,"href":"https:\/\/www.editionsloco.com\/en\/wp-json\/wp\/v2\/media\/25908"}],"wp:attachment":[{"href":"https:\/\/www.editionsloco.com\/en\/wp-json\/wp\/v2\/media?parent=25904"}],"wp:term":[{"taxonomy":"nature","embeddable":true,"href":"https:\/\/www.editionsloco.com\/en\/wp-json\/wp\/v2\/nature?post=25904"},{"taxonomy":"statutdeslivres","embeddable":true,"href":"https:\/\/www.editionsloco.com\/en\/wp-json\/wp\/v2\/statutdeslivres?post=25904"}],"curies":[{"name":"wp","href":"https:\/\/api.w.org\/{rel}","templated":true}]}}