{"id":15226,"date":"2021-01-28T16:48:03","date_gmt":"2021-01-28T15:48:03","guid":{"rendered":"https:\/\/www.editionsloco.com\/\/balague\/"},"modified":"2021-01-28T16:48:03","modified_gmt":"2021-01-28T15:48:03","slug":"balague","status":"publish","type":"biographie","link":"https:\/\/www.editionsloco.com\/en\/biographie\/balague\/","title":{"rendered":"Balagu\u00e9"},"content":{"rendered":"<p>Julie Balagu\u00e9 vit et travaille \u00e0 la Maladrerie, \u00e0 Aubervilliers. Elle est dipl\u00f4m\u00e9e<br \/>\nde l\u2019\u00c9cole Nationale Sup\u00e9rieure Louis-Lumi\u00e8re. En parall\u00e8le de sa pratique<br \/>\npersonnelle, elle collabore depuis plusieurs ann\u00e9es avec la presse quotidienne et hebdomadaire, comme portraitiste et photojournaliste<\/p>\n","protected":false},"author":13,"featured_media":0,"template":"","format":"standard","meta":{"_acf_changed":false,"footnotes":""},"class_list":["post-15226","biographie","type-biographie","status-publish","format-standard","hentry"],"acf":[],"yoast_head":"<!-- This site is optimized with the Yoast SEO plugin v27.1.1 - https:\/\/yoast.com\/product\/yoast-seo-wordpress\/ -->\n<title>Balagu\u00e9 - Editions LOCO<\/title>\n<meta name=\"robots\" content=\"index, follow, max-snippet:-1, max-image-preview:large, max-video-preview:-1\" \/>\n<link rel=\"canonical\" href=\"https:\/\/www.editionsloco.com\/biographie\/balague\/\" \/>\n<meta property=\"og:locale\" content=\"en_US\" \/>\n<meta property=\"og:type\" content=\"article\" \/>\n<meta property=\"og:title\" content=\"Balagu\u00e9 - Editions LOCO\" \/>\n<meta property=\"og:description\" content=\"Julie Balagu\u00e9 vit et travaille \u00e0 la Maladrerie, \u00e0 Aubervilliers. Elle est dipl\u00f4m\u00e9e de l\u2019\u00c9cole Nationale Sup\u00e9rieure Louis-Lumi\u00e8re. En parall\u00e8le de sa pratique personnelle, elle [&hellip;]\" \/>\n<meta property=\"og:url\" content=\"https:\/\/www.editionsloco.com\/biographie\/balague\/\" \/>\n<meta property=\"og:site_name\" content=\"Editions LOCO\" \/>\n<meta name=\"twitter:card\" content=\"summary_large_image\" \/>\n<script type=\"application\/ld+json\" class=\"yoast-schema-graph\">{\"@context\":\"https:\/\/schema.org\",\"@graph\":[{\"@type\":\"WebPage\",\"@id\":\"https:\/\/www.editionsloco.com\/biographie\/balague\/\",\"url\":\"https:\/\/www.editionsloco.com\/biographie\/balague\/\",\"name\":\"Balagu\u00e9 - Editions LOCO\",\"isPartOf\":{\"@id\":\"https:\/\/www.editionsloco.com\/#website\"},\"datePublished\":\"2021-01-28T15:48:03+00:00\",\"breadcrumb\":{\"@id\":\"https:\/\/www.editionsloco.com\/biographie\/balague\/#breadcrumb\"},\"inLanguage\":\"en-US\",\"potentialAction\":[{\"@type\":\"ReadAction\",\"target\":[\"https:\/\/www.editionsloco.com\/biographie\/balague\/\"]}]},{\"@type\":\"BreadcrumbList\",\"@id\":\"https:\/\/www.editionsloco.com\/biographie\/balague\/#breadcrumb\",\"itemListElement\":[{\"@type\":\"ListItem\",\"position\":1,\"name\":\"Accueil\",\"item\":\"https:\/\/www.editionsloco.com\/en\/\"},{\"@type\":\"ListItem\",\"position\":2,\"name\":\"Balagu\u00e9\"}]},{\"@type\":\"WebSite\",\"@id\":\"https:\/\/www.editionsloco.com\/#website\",\"url\":\"https:\/\/www.editionsloco.com\/\",\"name\":\"Editions LOCO\",\"description\":\"\",\"potentialAction\":[{\"@type\":\"SearchAction\",\"target\":{\"@type\":\"EntryPoint\",\"urlTemplate\":\"https:\/\/www.editionsloco.com\/?s={search_term_string}\"},\"query-input\":{\"@type\":\"PropertyValueSpecification\",\"valueRequired\":true,\"valueName\":\"search_term_string\"}}],\"inLanguage\":\"en-US\"}]}<\/script>\n<!-- \/ Yoast SEO plugin. -->","yoast_head_json":{"title":"Balagu\u00e9 - Editions LOCO","robots":{"index":"index","follow":"follow","max-snippet":"max-snippet:-1","max-image-preview":"max-image-preview:large","max-video-preview":"max-video-preview:-1"},"canonical":"https:\/\/www.editionsloco.com\/biographie\/balague\/","og_locale":"en_US","og_type":"article","og_title":"Balagu\u00e9 - Editions LOCO","og_description":"Julie Balagu\u00e9 vit et travaille \u00e0 la Maladrerie, \u00e0 Aubervilliers. Elle est dipl\u00f4m\u00e9e de l\u2019\u00c9cole Nationale Sup\u00e9rieure Louis-Lumi\u00e8re. En parall\u00e8le de sa pratique personnelle, elle [&hellip;]","og_url":"https:\/\/www.editionsloco.com\/biographie\/balague\/","og_site_name":"Editions LOCO","twitter_card":"summary_large_image","schema":{"@context":"https:\/\/schema.org","@graph":[{"@type":"WebPage","@id":"https:\/\/www.editionsloco.com\/biographie\/balague\/","url":"https:\/\/www.editionsloco.com\/biographie\/balague\/","name":"Balagu\u00e9 - Editions LOCO","isPartOf":{"@id":"https:\/\/www.editionsloco.com\/#website"},"datePublished":"2021-01-28T15:48:03+00:00","breadcrumb":{"@id":"https:\/\/www.editionsloco.com\/biographie\/balague\/#breadcrumb"},"inLanguage":"en-US","potentialAction":[{"@type":"ReadAction","target":["https:\/\/www.editionsloco.com\/biographie\/balague\/"]}]},{"@type":"BreadcrumbList","@id":"https:\/\/www.editionsloco.com\/biographie\/balague\/#breadcrumb","itemListElement":[{"@type":"ListItem","position":1,"name":"Accueil","item":"https:\/\/www.editionsloco.com\/en\/"},{"@type":"ListItem","position":2,"name":"Balagu\u00e9"}]},{"@type":"WebSite","@id":"https:\/\/www.editionsloco.com\/#website","url":"https:\/\/www.editionsloco.com\/","name":"Editions LOCO","description":"","potentialAction":[{"@type":"SearchAction","target":{"@type":"EntryPoint","urlTemplate":"https:\/\/www.editionsloco.com\/?s={search_term_string}"},"query-input":{"@type":"PropertyValueSpecification","valueRequired":true,"valueName":"search_term_string"}}],"inLanguage":"en-US"}]}},"_links":{"self":[{"href":"https:\/\/www.editionsloco.com\/en\/wp-json\/wp\/v2\/biographie\/15226","targetHints":{"allow":["GET"]}}],"collection":[{"href":"https:\/\/www.editionsloco.com\/en\/wp-json\/wp\/v2\/biographie"}],"about":[{"href":"https:\/\/www.editionsloco.com\/en\/wp-json\/wp\/v2\/types\/biographie"}],"author":[{"embeddable":true,"href":"https:\/\/www.editionsloco.com\/en\/wp-json\/wp\/v2\/users\/13"}],"version-history":[{"count":0,"href":"https:\/\/www.editionsloco.com\/en\/wp-json\/wp\/v2\/biographie\/15226\/revisions"}],"wp:attachment":[{"href":"https:\/\/www.editionsloco.com\/en\/wp-json\/wp\/v2\/media?parent=15226"}],"curies":[{"name":"wp","href":"https:\/\/api.w.org\/{rel}","templated":true}]}}