{"id":15023,"date":"2020-04-20T15:00:15","date_gmt":"2020-04-20T13:00:15","guid":{"rendered":"https:\/\/www.editionsloco.com\/\/verneret\/"},"modified":"2020-04-20T15:00:15","modified_gmt":"2020-04-20T13:00:15","slug":"verneret","status":"publish","type":"biographie","link":"https:\/\/www.editionsloco.com\/en\/biographie\/verneret\/","title":{"rendered":"Verneret"},"content":{"rendered":"<p>Gilles Verneret a appris la photographie en autodidacte au d\u00e9but des ann\u00e9es 1970 avant de l\u2019enseigner dans diff\u00e9rentes structures, tout en poursuivant sa carri\u00e8re de photographe en free-lance. Il a cr\u00e9\u00e9 Le bleu du ciel centre de photographie contemporaine \u00e0 Lyon en 1999. Directeur artistique du festival \u00ab 9ph septembre de la photographie \u00bb de 2002 \u00e0 2012, expert aux Rencontres d\u2019Arles, il fonde en 2009 l\u2019\u00e9cole Bloo de photographie contemporaine qu\u2019il anime avec Julien Guinand jusqu\u2019en 2017. Il a \u00e9t\u00e9 commissaire d\u2019une centaine d\u2019expositions et a publi\u00e9 plusieurs ouvrages de photographie. Toutes ces activit\u00e9s lui ont donn\u00e9 envie de transmettre son exp\u00e9rience de l\u2019enseignement et de la diffusion de la photographie dans cet essai th\u00e9orique mais aussi didactique pour les \u00e9tudiants et les passionn\u00e9s d\u2019images.<\/p>\n","protected":false},"author":13,"featured_media":0,"template":"","format":"standard","meta":{"_acf_changed":false,"footnotes":""},"class_list":["post-15023","biographie","type-biographie","status-publish","format-standard","hentry"],"acf":[],"yoast_head":"<!-- This site is optimized with the Yoast SEO plugin v27.1.1 - https:\/\/yoast.com\/product\/yoast-seo-wordpress\/ -->\n<title>Verneret - Editions LOCO<\/title>\n<meta name=\"robots\" content=\"index, follow, max-snippet:-1, max-image-preview:large, max-video-preview:-1\" \/>\n<link rel=\"canonical\" href=\"https:\/\/www.editionsloco.com\/biographie\/verneret\/\" \/>\n<meta property=\"og:locale\" content=\"en_US\" \/>\n<meta property=\"og:type\" content=\"article\" \/>\n<meta property=\"og:title\" content=\"Verneret - Editions LOCO\" \/>\n<meta property=\"og:description\" content=\"Gilles Verneret a appris la photographie en autodidacte au d\u00e9but des ann\u00e9es 1970 avant de l\u2019enseigner dans diff\u00e9rentes structures, tout en poursuivant sa carri\u00e8re de [&hellip;]\" \/>\n<meta property=\"og:url\" content=\"https:\/\/www.editionsloco.com\/biographie\/verneret\/\" \/>\n<meta property=\"og:site_name\" content=\"Editions LOCO\" \/>\n<meta name=\"twitter:card\" content=\"summary_large_image\" \/>\n<meta name=\"twitter:label1\" content=\"Est. reading time\" \/>\n\t<meta name=\"twitter:data1\" content=\"1 minute\" \/>\n<script type=\"application\/ld+json\" class=\"yoast-schema-graph\">{\"@context\":\"https:\/\/schema.org\",\"@graph\":[{\"@type\":\"WebPage\",\"@id\":\"https:\/\/www.editionsloco.com\/biographie\/verneret\/\",\"url\":\"https:\/\/www.editionsloco.com\/biographie\/verneret\/\",\"name\":\"Verneret - Editions LOCO\",\"isPartOf\":{\"@id\":\"https:\/\/www.editionsloco.com\/#website\"},\"datePublished\":\"2020-04-20T13:00:15+00:00\",\"breadcrumb\":{\"@id\":\"https:\/\/www.editionsloco.com\/biographie\/verneret\/#breadcrumb\"},\"inLanguage\":\"en-US\",\"potentialAction\":[{\"@type\":\"ReadAction\",\"target\":[\"https:\/\/www.editionsloco.com\/biographie\/verneret\/\"]}]},{\"@type\":\"BreadcrumbList\",\"@id\":\"https:\/\/www.editionsloco.com\/biographie\/verneret\/#breadcrumb\",\"itemListElement\":[{\"@type\":\"ListItem\",\"position\":1,\"name\":\"Accueil\",\"item\":\"https:\/\/www.editionsloco.com\/en\/\"},{\"@type\":\"ListItem\",\"position\":2,\"name\":\"Verneret\"}]},{\"@type\":\"WebSite\",\"@id\":\"https:\/\/www.editionsloco.com\/#website\",\"url\":\"https:\/\/www.editionsloco.com\/\",\"name\":\"Editions LOCO\",\"description\":\"\",\"potentialAction\":[{\"@type\":\"SearchAction\",\"target\":{\"@type\":\"EntryPoint\",\"urlTemplate\":\"https:\/\/www.editionsloco.com\/?s={search_term_string}\"},\"query-input\":{\"@type\":\"PropertyValueSpecification\",\"valueRequired\":true,\"valueName\":\"search_term_string\"}}],\"inLanguage\":\"en-US\"}]}<\/script>\n<!-- \/ Yoast SEO plugin. -->","yoast_head_json":{"title":"Verneret - Editions LOCO","robots":{"index":"index","follow":"follow","max-snippet":"max-snippet:-1","max-image-preview":"max-image-preview:large","max-video-preview":"max-video-preview:-1"},"canonical":"https:\/\/www.editionsloco.com\/biographie\/verneret\/","og_locale":"en_US","og_type":"article","og_title":"Verneret - Editions LOCO","og_description":"Gilles Verneret a appris la photographie en autodidacte au d\u00e9but des ann\u00e9es 1970 avant de l\u2019enseigner dans diff\u00e9rentes structures, tout en poursuivant sa carri\u00e8re de [&hellip;]","og_url":"https:\/\/www.editionsloco.com\/biographie\/verneret\/","og_site_name":"Editions LOCO","twitter_card":"summary_large_image","twitter_misc":{"Est. reading time":"1 minute"},"schema":{"@context":"https:\/\/schema.org","@graph":[{"@type":"WebPage","@id":"https:\/\/www.editionsloco.com\/biographie\/verneret\/","url":"https:\/\/www.editionsloco.com\/biographie\/verneret\/","name":"Verneret - Editions LOCO","isPartOf":{"@id":"https:\/\/www.editionsloco.com\/#website"},"datePublished":"2020-04-20T13:00:15+00:00","breadcrumb":{"@id":"https:\/\/www.editionsloco.com\/biographie\/verneret\/#breadcrumb"},"inLanguage":"en-US","potentialAction":[{"@type":"ReadAction","target":["https:\/\/www.editionsloco.com\/biographie\/verneret\/"]}]},{"@type":"BreadcrumbList","@id":"https:\/\/www.editionsloco.com\/biographie\/verneret\/#breadcrumb","itemListElement":[{"@type":"ListItem","position":1,"name":"Accueil","item":"https:\/\/www.editionsloco.com\/en\/"},{"@type":"ListItem","position":2,"name":"Verneret"}]},{"@type":"WebSite","@id":"https:\/\/www.editionsloco.com\/#website","url":"https:\/\/www.editionsloco.com\/","name":"Editions LOCO","description":"","potentialAction":[{"@type":"SearchAction","target":{"@type":"EntryPoint","urlTemplate":"https:\/\/www.editionsloco.com\/?s={search_term_string}"},"query-input":{"@type":"PropertyValueSpecification","valueRequired":true,"valueName":"search_term_string"}}],"inLanguage":"en-US"}]}},"_links":{"self":[{"href":"https:\/\/www.editionsloco.com\/en\/wp-json\/wp\/v2\/biographie\/15023","targetHints":{"allow":["GET"]}}],"collection":[{"href":"https:\/\/www.editionsloco.com\/en\/wp-json\/wp\/v2\/biographie"}],"about":[{"href":"https:\/\/www.editionsloco.com\/en\/wp-json\/wp\/v2\/types\/biographie"}],"author":[{"embeddable":true,"href":"https:\/\/www.editionsloco.com\/en\/wp-json\/wp\/v2\/users\/13"}],"version-history":[{"count":0,"href":"https:\/\/www.editionsloco.com\/en\/wp-json\/wp\/v2\/biographie\/15023\/revisions"}],"wp:attachment":[{"href":"https:\/\/www.editionsloco.com\/en\/wp-json\/wp\/v2\/media?parent=15023"}],"curies":[{"name":"wp","href":"https:\/\/api.w.org\/{rel}","templated":true}]}}