{"id":14988,"date":"2020-01-17T15:40:26","date_gmt":"2020-01-17T14:40:26","guid":{"rendered":"https:\/\/www.editionsloco.com\/\/khol\/"},"modified":"2020-01-17T15:40:26","modified_gmt":"2020-01-17T14:40:26","slug":"khol","status":"publish","type":"biographie","link":"https:\/\/www.editionsloco.com\/en\/biographie\/khol\/","title":{"rendered":"Khol"},"content":{"rendered":"<p>Apr\u00e8s des \u00e9tudes de communication et de cin\u00e9ma en France, elle suit des cours \u00e0 l\u2019\u00e9cole de photographie Agn\u00e8s Varda \u00e0 Bruxelles dont elle sort dipl\u00f4m\u00e9e en 2012. Parall\u00e8lement, elle devient coordinatrice et programmatrice d\u2019un festival de cin\u00e9ma. Elle se met \u00e0 la vid\u00e9o en 2015 et r\u00e9alise plusieurs vid\u00e9oclips (pour Alek et Les Japonaises, RARI, Woodie Smalls&#8230;), un court documentaire <em>CURE<\/em> sur sa s\u0153ur infirmi\u00e8re, et des portraits-vid\u00e9o pour les Midis de la po\u00e9sie et Passa Porta. Son travail porte sur l\u2019intimit\u00e9. Elle tente d\u2019extraire la po\u00e9sie du quotidien en observant les moments o\u00f9 la r\u00e9alit\u00e9 se transforme en fiction.<\/p>\n","protected":false},"author":13,"featured_media":0,"template":"","format":"standard","meta":{"_acf_changed":false,"footnotes":""},"class_list":["post-14988","biographie","type-biographie","status-publish","format-standard","hentry"],"acf":[],"yoast_head":"<!-- This site is optimized with the Yoast SEO plugin v27.1.1 - https:\/\/yoast.com\/product\/yoast-seo-wordpress\/ -->\n<title>Khol - Editions LOCO<\/title>\n<meta name=\"robots\" content=\"index, follow, max-snippet:-1, max-image-preview:large, max-video-preview:-1\" \/>\n<link rel=\"canonical\" href=\"https:\/\/www.editionsloco.com\/biographie\/khol\/\" \/>\n<meta property=\"og:locale\" content=\"en_US\" \/>\n<meta property=\"og:type\" content=\"article\" \/>\n<meta property=\"og:title\" content=\"Khol - Editions LOCO\" \/>\n<meta property=\"og:description\" content=\"Apr\u00e8s des \u00e9tudes de communication et de cin\u00e9ma en France, elle suit des cours \u00e0 l\u2019\u00e9cole de photographie Agn\u00e8s Varda \u00e0 Bruxelles dont elle sort [&hellip;]\" \/>\n<meta property=\"og:url\" content=\"https:\/\/www.editionsloco.com\/biographie\/khol\/\" \/>\n<meta property=\"og:site_name\" content=\"Editions LOCO\" \/>\n<meta name=\"twitter:card\" content=\"summary_large_image\" \/>\n<meta name=\"twitter:label1\" content=\"Est. reading time\" \/>\n\t<meta name=\"twitter:data1\" content=\"1 minute\" \/>\n<script type=\"application\/ld+json\" class=\"yoast-schema-graph\">{\"@context\":\"https:\/\/schema.org\",\"@graph\":[{\"@type\":\"WebPage\",\"@id\":\"https:\/\/www.editionsloco.com\/biographie\/khol\/\",\"url\":\"https:\/\/www.editionsloco.com\/biographie\/khol\/\",\"name\":\"Khol - Editions LOCO\",\"isPartOf\":{\"@id\":\"https:\/\/www.editionsloco.com\/#website\"},\"datePublished\":\"2020-01-17T14:40:26+00:00\",\"breadcrumb\":{\"@id\":\"https:\/\/www.editionsloco.com\/biographie\/khol\/#breadcrumb\"},\"inLanguage\":\"en-US\",\"potentialAction\":[{\"@type\":\"ReadAction\",\"target\":[\"https:\/\/www.editionsloco.com\/biographie\/khol\/\"]}]},{\"@type\":\"BreadcrumbList\",\"@id\":\"https:\/\/www.editionsloco.com\/biographie\/khol\/#breadcrumb\",\"itemListElement\":[{\"@type\":\"ListItem\",\"position\":1,\"name\":\"Accueil\",\"item\":\"https:\/\/www.editionsloco.com\/en\/\"},{\"@type\":\"ListItem\",\"position\":2,\"name\":\"Khol\"}]},{\"@type\":\"WebSite\",\"@id\":\"https:\/\/www.editionsloco.com\/#website\",\"url\":\"https:\/\/www.editionsloco.com\/\",\"name\":\"Editions LOCO\",\"description\":\"\",\"potentialAction\":[{\"@type\":\"SearchAction\",\"target\":{\"@type\":\"EntryPoint\",\"urlTemplate\":\"https:\/\/www.editionsloco.com\/?s={search_term_string}\"},\"query-input\":{\"@type\":\"PropertyValueSpecification\",\"valueRequired\":true,\"valueName\":\"search_term_string\"}}],\"inLanguage\":\"en-US\"}]}<\/script>\n<!-- \/ Yoast SEO plugin. -->","yoast_head_json":{"title":"Khol - Editions LOCO","robots":{"index":"index","follow":"follow","max-snippet":"max-snippet:-1","max-image-preview":"max-image-preview:large","max-video-preview":"max-video-preview:-1"},"canonical":"https:\/\/www.editionsloco.com\/biographie\/khol\/","og_locale":"en_US","og_type":"article","og_title":"Khol - Editions LOCO","og_description":"Apr\u00e8s des \u00e9tudes de communication et de cin\u00e9ma en France, elle suit des cours \u00e0 l\u2019\u00e9cole de photographie Agn\u00e8s Varda \u00e0 Bruxelles dont elle sort [&hellip;]","og_url":"https:\/\/www.editionsloco.com\/biographie\/khol\/","og_site_name":"Editions LOCO","twitter_card":"summary_large_image","twitter_misc":{"Est. reading time":"1 minute"},"schema":{"@context":"https:\/\/schema.org","@graph":[{"@type":"WebPage","@id":"https:\/\/www.editionsloco.com\/biographie\/khol\/","url":"https:\/\/www.editionsloco.com\/biographie\/khol\/","name":"Khol - Editions LOCO","isPartOf":{"@id":"https:\/\/www.editionsloco.com\/#website"},"datePublished":"2020-01-17T14:40:26+00:00","breadcrumb":{"@id":"https:\/\/www.editionsloco.com\/biographie\/khol\/#breadcrumb"},"inLanguage":"en-US","potentialAction":[{"@type":"ReadAction","target":["https:\/\/www.editionsloco.com\/biographie\/khol\/"]}]},{"@type":"BreadcrumbList","@id":"https:\/\/www.editionsloco.com\/biographie\/khol\/#breadcrumb","itemListElement":[{"@type":"ListItem","position":1,"name":"Accueil","item":"https:\/\/www.editionsloco.com\/en\/"},{"@type":"ListItem","position":2,"name":"Khol"}]},{"@type":"WebSite","@id":"https:\/\/www.editionsloco.com\/#website","url":"https:\/\/www.editionsloco.com\/","name":"Editions LOCO","description":"","potentialAction":[{"@type":"SearchAction","target":{"@type":"EntryPoint","urlTemplate":"https:\/\/www.editionsloco.com\/?s={search_term_string}"},"query-input":{"@type":"PropertyValueSpecification","valueRequired":true,"valueName":"search_term_string"}}],"inLanguage":"en-US"}]}},"_links":{"self":[{"href":"https:\/\/www.editionsloco.com\/en\/wp-json\/wp\/v2\/biographie\/14988","targetHints":{"allow":["GET"]}}],"collection":[{"href":"https:\/\/www.editionsloco.com\/en\/wp-json\/wp\/v2\/biographie"}],"about":[{"href":"https:\/\/www.editionsloco.com\/en\/wp-json\/wp\/v2\/types\/biographie"}],"author":[{"embeddable":true,"href":"https:\/\/www.editionsloco.com\/en\/wp-json\/wp\/v2\/users\/13"}],"version-history":[{"count":0,"href":"https:\/\/www.editionsloco.com\/en\/wp-json\/wp\/v2\/biographie\/14988\/revisions"}],"wp:attachment":[{"href":"https:\/\/www.editionsloco.com\/en\/wp-json\/wp\/v2\/media?parent=14988"}],"curies":[{"name":"wp","href":"https:\/\/api.w.org\/{rel}","templated":true}]}}